{"id":42634,"date":"2023-12-11T11:11:10","date_gmt":"2023-12-11T10:11:10","guid":{"rendered":"https:\/\/dev.mas-llinas.com\/naturaleza\/"},"modified":"2024-01-26T12:11:16","modified_gmt":"2024-01-26T11:11:16","slug":"naturaleza","status":"publish","type":"page","link":"https:\/\/mas-llinas.com\/es\/naturaleza\/","title":{"rendered":"Naturaleza"},"content":{"rendered":"\n<h2 class=\"wp-block-heading has-text-align-center\">Senderismo y ciclismo en Le Boulou<\/h2>\n\n<div class=\"wp-block-columns are-vertically-aligned-center is-layout-flex wp-container-core-columns-is-layout-d4efd299 wp-block-columns-is-layout-flex\" style=\"margin-top:var(--wp--preset--spacing--40);margin-bottom:var(--wp--preset--spacing--40);padding-top:var(--wp--preset--spacing--40);padding-right:var(--wp--preset--spacing--40);padding-bottom:var(--wp--preset--spacing--40);padding-left:var(--wp--preset--spacing--40)\">\n<div class=\"wp-block-column is-vertically-aligned-center is-layout-flow wp-block-column-is-layout-flow\">\n<h3 class=\"wp-block-heading\">Senderismo y ciclismo<\/h3>\n\n\n\n<p>Este departamento limita al sur con Catalu\u00f1a y al oeste con Andorra y la regi\u00f3n de Midi-Pyr\u00e9n\u00e9es, en el departamento de Aude, al norte y al este del mar Mediterr\u00e1neo.<\/p>\n\n\n\n<p>Los Pirineos Orientales se encuentran en el extremo oriental de los Pirineos, en la vertiente norte. Aqu\u00ed se encuentran los macizos de Carlit, Canigou y Alb\u00e8res, la meseta del Capcir y la vertiente francesa del valle de la Cerda\u00f1a. podr\u00e1 disfrutar de monta\u00f1as emblem\u00e1ticas como el Canigou (2784 m) o el Carlit (2921 m), preciosas reservas naturales, estaciones balnearias y spas, las fortificaciones militares de Vauban y un rico patrimonio cultural, hist\u00f3rico y simb\u00f3lico.<\/p>\n\n\n\n<p>Hay muchos paseos cerca del camping en el sitio:<\/p>\n\n\n\n<p><a href=\"http:\/\/www.ledepartement66.fr\/1377-idees-rando.htmhttps:\/\/www.ma-voie-verte.fr\/velo-tourisme-vacances-languedoc-roussillon\/66-pyrenees-orientales\" target=\"_blank\" rel=\"noreferrer noopener\">http:\/\/www.ledepartement66.fr\/1377-idees-rando.htm<\/a><br\/><a href=\"http:\/\/www.ledepartement66.fr\/1377-idees-rando.htmhttps:\/\/www.ma-voie-verte.fr\/velo-tourisme-vacances-languedoc-roussillon\/66-pyrenees-orientales\" target=\"_blank\" rel=\"noreferrer noopener\">https:\/\/www.ma-voie-verte.fr\/velo-tourisme-vacances-languedoc-roussillon\/66-pyrenees-orientales<\/a><\/p>\n<\/div>\n\n\n\n<div class=\"wp-block-column is-vertically-aligned-center is-layout-flow wp-block-column-is-layout-flow\">\n<figure class=\"wp-block-image aligncenter size-full is-resized\"><img loading=\"lazy\" decoding=\"async\" width=\"900\" height=\"675\" src=\"https:\/\/mas-llinas.com\/wp-content\/uploads\/2023\/12\/IMG_7153-Personnalise.jpg\" alt=\"\" class=\"wp-image-41910\" style=\"width:559px;height:auto\" srcset=\"https:\/\/mas-llinas.com\/wp-content\/uploads\/2023\/12\/IMG_7153-Personnalise.jpg 900w, https:\/\/mas-llinas.com\/wp-content\/uploads\/2023\/12\/IMG_7153-Personnalise-300x225.jpg 300w, https:\/\/mas-llinas.com\/wp-content\/uploads\/2023\/12\/IMG_7153-Personnalise-768x576.jpg 768w\" sizes=\"auto, (max-width: 900px) 100vw, 900px\" \/><\/figure>\n<\/div>\n<\/div>\n\t\t\t<div id=\"sevgallery-1831181970\" class=\"sev-diaporama sev-diaporama-portfolio\">\n\t\t\t<div class=\"row\">\n\n\t\t\t\n\t\t\t\t\n\t\t\t\t<div class=\"sev-diaporama-portfolio-item col-12 col-sm \">\n\t\t\t\t\t<a href=\"https:\/\/mas-llinas.com\/wp-content\/uploads\/2023\/12\/randonnees-1.jpg\" data-lightbox=\"sevgallery-1831181970\" style=\"background-image: url(https:\/\/mas-llinas.com\/wp-content\/uploads\/2023\/12\/randonnees-1.jpg)\">\n\t\t\t\t\t\t<img decoding=\"async\" src=\"https:\/\/mas-llinas.com\/wp-content\/uploads\/2023\/12\/randonnees-1.jpg\" alt=\"rando v\u00e9lo proche Mas Llinas\" loading=\"lazy\">\n\t\t\t\t\t<\/a>\n\t\t\t\t<\/div>\n\n\t\t\t\t\n\t\t\t\t\n\t\t\t\t\t\t\t\t\t\t\t\t\t\t\t\n\t\t\t\t\n\t\t\t\t<div class=\"sev-diaporama-portfolio-item col-12 col-sm \">\n\t\t\t\t\t<a href=\"https:\/\/mas-llinas.com\/wp-content\/uploads\/2023\/12\/randonnees-equestres-1.jpg\" data-lightbox=\"sevgallery-1831181970\" style=\"background-image: url(https:\/\/mas-llinas.com\/wp-content\/uploads\/2023\/12\/randonnees-equestres-1.jpg)\">\n\t\t\t\t\t\t<img decoding=\"async\" src=\"https:\/\/mas-llinas.com\/wp-content\/uploads\/2023\/12\/randonnees-equestres-1.jpg\" alt=\"randonn\u00e9e \u00e0 cheval\" loading=\"lazy\">\n\t\t\t\t\t<\/a>\n\t\t\t\t<\/div>\n\n\t\t\t\t\t\t\t\t\t<div class=\"w-100 d-lg-none\"><\/div>\n\t\t\t\t\t\t\t\t\t\n\t\t\t\t\n\t\t\t\t\t\t\t\t\t\t\t\t\t\t\t\n\t\t\t\t\n\t\t\t\t<div class=\"sev-diaporama-portfolio-item col-12 col-sm  col-shrink\">\n\t\t\t\t\t<a href=\"https:\/\/mas-llinas.com\/wp-content\/uploads\/2023\/12\/monastere-pyrenees.jpg\" data-lightbox=\"sevgallery-1831181970\" style=\"background-image: url(https:\/\/mas-llinas.com\/wp-content\/uploads\/2023\/12\/monastere-pyrenees.jpg)\">\n\t\t\t\t\t\t<img decoding=\"async\" src=\"https:\/\/mas-llinas.com\/wp-content\/uploads\/2023\/12\/monastere-pyrenees.jpg\" alt=\"Monastere dans les Pyr\u00e9n\u00e9es\" loading=\"lazy\">\n\t\t\t\t\t<\/a>\n\t\t\t\t<\/div>\n\n\t\t\t\t\n\t\t\t\t\t\t\t\t\t<div class=\"w-100 d-none d-lg-block\"><\/div>\n\t\t\t\t\t\t\t\t\t\n\t\t\t\t\t\t\t\t\t\t\t\t\t\t\t\n\t\t\t\t\n\t\t\t\t<div class=\"sev-diaporama-portfolio-item col-12 col-sm  col-grow\">\n\t\t\t\t\t<a href=\"https:\/\/mas-llinas.com\/wp-content\/uploads\/2023\/12\/lac-saint-jean-pla-de-corts.jpg\" data-lightbox=\"sevgallery-1831181970\" style=\"background-image: url(https:\/\/mas-llinas.com\/wp-content\/uploads\/2023\/12\/lac-saint-jean-pla-de-corts.jpg)\">\n\t\t\t\t\t\t<img decoding=\"async\" src=\"https:\/\/mas-llinas.com\/wp-content\/uploads\/2023\/12\/lac-saint-jean-pla-de-corts.jpg\" alt=\"Lac de saint jean\" loading=\"lazy\">\n\t\t\t\t\t<\/a>\n\t\t\t\t<\/div>\n\n\t\t\t\t\t\t\t\t\t<div class=\"w-100 d-lg-none\"><\/div>\n\t\t\t\t\t\t\t\t\t\n\t\t\t\t\n\t\t\t\t\t\t\t\t\t\t\t\t\t\t\t\n\t\t\t\t\n\t\t\t\t<div class=\"sev-diaporama-portfolio-item col-12 col-sm \">\n\t\t\t\t\t<a href=\"https:\/\/mas-llinas.com\/wp-content\/uploads\/2023\/12\/IMG_7172-Personnalise.jpg\" data-lightbox=\"sevgallery-1831181970\" style=\"background-image: url(https:\/\/mas-llinas.com\/wp-content\/uploads\/2023\/12\/IMG_7172-Personnalise.jpg)\">\n\t\t\t\t\t\t<img decoding=\"async\" src=\"https:\/\/mas-llinas.com\/wp-content\/uploads\/2023\/12\/IMG_7172-Personnalise.jpg\" alt=\"emplacement tente, camping-car, caravane\" loading=\"lazy\">\n\t\t\t\t\t<\/a>\n\t\t\t\t<\/div>\n\n\t\t\t\t\n\t\t\t\t\n\t\t\t\t\t\t\t\t\t\t\t\t\t\t\t\n\t\t\t\t\n\t\t\t\t<div class=\"sev-diaporama-portfolio-item col-12 col-sm \">\n\t\t\t\t\t<a href=\"https:\/\/mas-llinas.com\/wp-content\/uploads\/2023\/12\/DSC02708.jpg\" data-lightbox=\"sevgallery-1831181970\" style=\"background-image: url(https:\/\/mas-llinas.com\/wp-content\/uploads\/2023\/12\/DSC02708.jpg)\">\n\t\t\t\t\t\t<img decoding=\"async\" src=\"https:\/\/mas-llinas.com\/wp-content\/uploads\/2023\/12\/DSC02708.jpg\" alt=\"collioure\" loading=\"lazy\">\n\t\t\t\t\t<\/a>\n\t\t\t\t<\/div>\n\n\t\t\t\t\t\t\t\t\t<div class=\"w-100 d-lg-none\"><\/div>\n\t\t\t\t\t\t\t\t\t\n\t\t\t\t\t\t\t\t\t<div class=\"w-100 d-none d-lg-block\"><\/div>\n\t\t\t\t\t\t\t\t\t\n\t\t\t\t\t\t\t\t\t\t\t\t\t\t\t\n\t\t\t\t\n\t\t\t\t<div class=\"sev-diaporama-portfolio-item col-12 col-sm \">\n\t\t\t\t\t<a href=\"https:\/\/mas-llinas.com\/wp-content\/uploads\/2023\/12\/village-boulou.jpg\" data-lightbox=\"sevgallery-1831181970\" style=\"background-image: url(https:\/\/mas-llinas.com\/wp-content\/uploads\/2023\/12\/village-boulou.jpg)\">\n\t\t\t\t\t\t<img decoding=\"async\" src=\"https:\/\/mas-llinas.com\/wp-content\/uploads\/2023\/12\/village-boulou.jpg\" alt=\"village du Boulou\" loading=\"lazy\">\n\t\t\t\t\t<\/a>\n\t\t\t\t<\/div>\n\n\t\t\t\t\n\t\t\t\t\n\t\t\t\t\t\t\t\t\t\t\t\t\t\t\t\n\t\t\t\t\n\t\t\t\t<div class=\"sev-diaporama-portfolio-item col-12 col-sm  col-grow\">\n\t\t\t\t\t<a href=\"https:\/\/mas-llinas.com\/wp-content\/uploads\/2023\/12\/r.jpg\" data-lightbox=\"sevgallery-1831181970\" style=\"background-image: url(https:\/\/mas-llinas.com\/wp-content\/uploads\/2023\/12\/r.jpg)\">\n\t\t\t\t\t\t<img decoding=\"async\" src=\"https:\/\/mas-llinas.com\/wp-content\/uploads\/2023\/12\/r.jpg\" alt=\"Lac de Saint Jean\" loading=\"lazy\">\n\t\t\t\t\t<\/a>\n\t\t\t\t<\/div>\n\n\t\t\t\t\t\t\t\t\t<div class=\"w-100 d-lg-none\"><\/div>\n\t\t\t\t\t\t\t\t\t\n\t\t\t\t\n\t\t\t\t\t\t\t\t\t\t\t\t\t\t\t\n\t\t\t\t\n\t\t\t\t<div class=\"sev-diaporama-portfolio-item col-12 col-sm  col-shrink\">\n\t\t\t\t\t<a href=\"https:\/\/mas-llinas.com\/wp-content\/uploads\/2023\/12\/gorges-1.jpg\" data-lightbox=\"sevgallery-1831181970\" style=\"background-image: url(https:\/\/mas-llinas.com\/wp-content\/uploads\/2023\/12\/gorges-1.jpg)\">\n\t\t\t\t\t\t<img decoding=\"async\" src=\"https:\/\/mas-llinas.com\/wp-content\/uploads\/2023\/12\/gorges-1.jpg\" alt=\"gorge pour activit\u00e9s aquatiques\" loading=\"lazy\">\n\t\t\t\t\t<\/a>\n\t\t\t\t<\/div>\n\n\t\t\t\t\n\t\t\t\t\t\t\t\t\t<div class=\"w-100 d-none d-lg-block\"><\/div>\n\t\t\t\t\t\t\t\t\t\n\t\t\t\t\t\t\t\t\t\t\t\t\t\t\t\t\t\t<\/div>\n\t\t\t<\/div>\n\n\t\t\t<script>\n\t\t\tjQuery(function($) {\n\n\t\t\t\tvar marginPortfolio = function() {\n\n\t\t\t\t\tvar $diapo          = $('#sevgallery-1831181970');\n\t\t\t\t\tvar container_width = $diapo.parent().outerWidth();\n\t\t\t\t\tvar side            = ( $(window).innerWidth() - container_width ) \/ 2;\n\n\t\t\t\t\t$diapo.css( {\n\t\t\t\t\t\t'margin-left': '-' + side + 'px',\n\t\t\t\t\t\t'margin-right': '-' + side + 'px',\n\t\t\t\t\t} );\n\t\t\t\t};\n\n\t\t\t\t$( window ).resize( function() {\n\t\t\t\t\tmarginPortfolio();\n\t\t\t\t} );\n\t\t\t\tmarginPortfolio();\n\t\t\t});\n\t\t\t<\/script>\n\t\t\t\n","protected":false},"excerpt":{"rendered":"<p>Senderismo y ciclismo en Le Boulou Senderismo y ciclismo Este departamento limita al sur con Catalu\u00f1a y al oeste con Andorra y la regi\u00f3n de Midi-Pyr\u00e9n\u00e9es, en el departamento de Aude, al norte y al este del mar Mediterr\u00e1neo. Los Pirineos Orientales se encuentran en el extremo oriental de los Pirineos, en la vertiente norte. [&hellip;]<\/p>\n","protected":false},"author":3,"featured_media":0,"parent":0,"menu_order":0,"comment_status":"closed","ping_status":"closed","template":"","meta":{"_seopress_robots_primary_cat":"","_seopress_titles_title":"La campi\u00f1a circundante espera ser explorada","_seopress_titles_desc":"Durante su estancia en Mas Llinas, \u00a1disfrute del entorno natural!","_seopress_robots_index":"","footnotes":""},"class_list":["post-42634","page","type-page","status-publish","hentry"],"_links":{"self":[{"href":"https:\/\/mas-llinas.com\/es\/wp-json\/wp\/v2\/pages\/42634","targetHints":{"allow":["GET"]}}],"collection":[{"href":"https:\/\/mas-llinas.com\/es\/wp-json\/wp\/v2\/pages"}],"about":[{"href":"https:\/\/mas-llinas.com\/es\/wp-json\/wp\/v2\/types\/page"}],"author":[{"embeddable":true,"href":"https:\/\/mas-llinas.com\/es\/wp-json\/wp\/v2\/users\/3"}],"replies":[{"embeddable":true,"href":"https:\/\/mas-llinas.com\/es\/wp-json\/wp\/v2\/comments?post=42634"}],"version-history":[{"count":1,"href":"https:\/\/mas-llinas.com\/es\/wp-json\/wp\/v2\/pages\/42634\/revisions"}],"predecessor-version":[{"id":42635,"href":"https:\/\/mas-llinas.com\/es\/wp-json\/wp\/v2\/pages\/42634\/revisions\/42635"}],"wp:attachment":[{"href":"https:\/\/mas-llinas.com\/es\/wp-json\/wp\/v2\/media?parent=42634"}],"curies":[{"name":"wp","href":"https:\/\/api.w.org\/{rel}","templated":true}]}}