{"id":42654,"date":"2023-12-11T11:07:15","date_gmt":"2023-12-11T10:07:15","guid":{"rendered":"https:\/\/dev.mas-llinas.com\/nuestra-experiencia\/un-dia-en-el-lago-de-saint-jean\/"},"modified":"2024-01-26T12:13:19","modified_gmt":"2024-01-26T11:13:19","slug":"un-dia-en-el-lago-de-saint-jean","status":"publish","type":"page","link":"https:\/\/mas-llinas.com\/es\/nuestra-experiencia\/un-dia-en-el-lago-de-saint-jean\/","title":{"rendered":"Un d\u00eda en el lago de Saint Jean"},"content":{"rendered":"\n<h2 class=\"wp-block-heading has-text-align-center\">D\u00eda 2: Una jornada en el lago de Saint-Jean-Pla-de-Corts<\/h2>\n\n<p>En un entorno buc\u00f3lico con el Canig\u00f3, la monta\u00f1a sagrada de los catalanes, como tel\u00f3n de fondo, se ofrecen <strong>numerosas actividades <\/strong>para grandes y peque\u00f1os. <strong>Descubra un inmenso parque infantil donde desahogarse, correr, pasear, pescar, etc.<\/strong><\/p>\n\n<div class=\"wp-block-media-text is-stacked-on-mobile is-image-fill\" style=\"padding-top:var(--wp--preset--spacing--30);padding-bottom:var(--wp--preset--spacing--30)\"><figure class=\"wp-block-media-text__media\" style=\"background-image:url(https:\/\/mas-llinas.com\/wp-content\/uploads\/2023\/12\/01-images-teleski-Saint-jean-kneeboard-wake-park-ski-cable-pyrenees-orientales-66-1.jpg);background-position:50% 50%\"><img loading=\"lazy\" decoding=\"async\" width=\"600\" height=\"400\" src=\"https:\/\/mas-llinas.com\/wp-content\/uploads\/2023\/12\/01-images-teleski-Saint-jean-kneeboard-wake-park-ski-cable-pyrenees-orientales-66-1.jpg\" alt=\"\" class=\"wp-image-41887 size-full\" srcset=\"https:\/\/mas-llinas.com\/wp-content\/uploads\/2023\/12\/01-images-teleski-Saint-jean-kneeboard-wake-park-ski-cable-pyrenees-orientales-66-1.jpg 600w, https:\/\/mas-llinas.com\/wp-content\/uploads\/2023\/12\/01-images-teleski-Saint-jean-kneeboard-wake-park-ski-cable-pyrenees-orientales-66-1-300x200.jpg 300w\" sizes=\"auto, (max-width: 600px) 100vw, 600px\" \/><\/figure><div class=\"wp-block-media-text__content\">\n<p>Cuando llega la primavera, nacen nuevas actividades l\u00fadicas y deportivas:<\/p>\n\n\n\n<ul class=\"wp-block-list\">\n<li>Los aficionados a los deportes acu\u00e1ticos podr\u00e1n desahogarse en los hinchables, y si lo que buscan son emociones fuertes, dir\u00edjanse a los parques de aquajump, donde podr\u00e1n disfrutar de toboganes acu\u00e1ticos y probar suerte con el esqu\u00ed acu\u00e1tico.<\/li>\n\n\n\n<li>Para los que prefieran pasear tranquilamente por el lago, se ofrecen diversas actividades, como iniciaci\u00f3n a los botes de remos, pedales y kayaks.<\/li>\n\n\n\n<li>Para los aventureros, tanto j\u00f3venes como mayores, hay varios recorridos para todos los niveles, incluida una tirolina por el lago.<\/li>\n\n\n\n<li>Para los <strong>aficionados a los juegos acu\u00e1ticos, <\/strong>se pueden alquilar<strong>pedal\u00f3s \/ barcas de pedales gigantes \/ kayaks en el<\/strong> lago de<strong>Saint-Jean-Pla-de-Corts<\/strong>.<\/li>\n<\/ul>\n<\/div><\/div>\n\n<div class=\"wp-block-columns are-vertically-aligned-center is-layout-flex wp-container-core-columns-is-layout-28f84493 wp-block-columns-is-layout-flex\">\n<div class=\"wp-block-column has-background is-layout-flow wp-block-column-is-layout-flow\" style=\"background-color:#b02e6226;padding-top:var(--wp--preset--spacing--30);padding-right:var(--wp--preset--spacing--30);padding-bottom:var(--wp--preset--spacing--30);padding-left:var(--wp--preset--spacing--30)\">\n<p class=\"has-text-align-center\"><strong>Tasa Aquajump :<\/strong><\/p>\n\n\n\n<ul class=\"wp-block-list\">\n<li>30 min 7<\/li>\n\n\n\n<li>1 hora 10 euros<\/li>\n\n\n\n<li>1 hora 30 \u20ac 14<\/li>\n\n\n\n<li>2 horas 16 euros<\/li>\n<\/ul>\n<\/div>\n\n\n\n<div class=\"wp-block-column has-background is-layout-flow wp-block-column-is-layout-flow\" style=\"background-color:#b02e6226;padding-top:var(--wp--preset--spacing--30);padding-right:var(--wp--preset--spacing--30);padding-bottom:var(--wp--preset--spacing--30);padding-left:var(--wp--preset--spacing--30)\">\n<p class=\"has-text-align-center\"><strong>Tasa de esqu\u00ed acu\u00e1tico :<\/strong><\/p>\n\n\n\n<ul class=\"wp-block-list\">\n<li>2h00 (consecutivas) 35 euros<\/li>\n\n\n\n<li>3h00 (consecutivas) 45<\/li>\n\n\n\n<li>D\u00eda completo 65<\/li>\n\n\n\n<li>Pase de fin de semana 105<\/li>\n<\/ul>\n<\/div>\n\n\n\n<div class=\"wp-block-column has-background is-layout-flow wp-block-column-is-layout-flow\" style=\"background-color:#b02e6226;padding-top:var(--wp--preset--spacing--30);padding-right:var(--wp--preset--spacing--30);padding-bottom:var(--wp--preset--spacing--30);padding-left:var(--wp--preset--spacing--30)\">\n<p class=\"has-text-align-center\"><strong>Tasa de remo :<\/strong><\/p>\n\n\n\n<ul class=\"wp-block-list\">\n<li>Por 30 min 6<\/li>\n\n\n\n<li>Por hora 10<\/li>\n<\/ul>\n\n\n\n<p class=\"has-text-align-center\"><strong>Tarifa kayak :<\/strong><\/p>\n\n\n\n<ul class=\"wp-block-list\">\n<li>Por 30 min 5<\/li>\n\n\n\n<li>Por hora 8<\/li>\n<\/ul>\n<\/div>\n\n\n\n<div class=\"wp-block-column has-background is-layout-flow wp-block-column-is-layout-flow\" style=\"background-color:#b02e6226;padding-top:var(--wp--preset--spacing--30);padding-right:var(--wp--preset--spacing--30);padding-bottom:var(--wp--preset--spacing--30);padding-left:var(--wp--preset--spacing--30)\">\n<p class=\"has-text-align-center\"><strong>Tarifa Pedalo :<\/strong><\/p>\n\n\n\n<ul class=\"wp-block-list\">\n<li>Por 30 min 15<\/li>\n\n\n\n<li>Por hora 25<\/li>\n<\/ul>\n\n\n\n<p class=\"has-text-align-center\"><strong>Tasa de accrobranche normal :<\/strong><\/p>\n\n\n\n<ul class=\"wp-block-list\">\n<li>10 \u20ac<\/li>\n<\/ul>\n<\/div>\n<\/div>\n\n<div class=\"wp-block-media-text has-media-on-the-right is-stacked-on-mobile is-image-fill\" style=\"padding-top:var(--wp--preset--spacing--30);padding-bottom:var(--wp--preset--spacing--30)\"><div class=\"wp-block-media-text__content\">\n<p><strong>No lo olvide antes de emprender su aventura:<\/strong><\/p>\n\n\n\n<p>&#8211; El kit perfecto del peque\u00f1o nadador (ba\u00f1ador, chaleco salvavidas, etc.)<br\/>&#8211; Unas gafas de sol y una gorra<br\/>&#8211; Un par de zapatillas para determinadas actividades<br\/>&#8211; Sandalias o calzado de agua para nadar y protegerse de las rocas.<br\/>&#8211; Ropa adecuada para la tirolina<\/p>\n\n\n\n<p><strong>Es aconsejable estar en las mejores condiciones f\u00edsicas<\/strong><\/p>\n\n\n\n<h2 class=\"wp-block-heading\">Para comer, puede elegir entre 2 opciones:<\/h2>\n\n\n\n<p>&#8211; Picnic para preparar: ensalada, at\u00fan y verduras crudas, queso local, baguette, bebida, fruta y verdura&#8230;<br\/>&#8211; <strong>Almuerzo<\/strong> en el restaurante La Guinguette du lac en Saint Jean Pla-de-Corts  <\/p>\n<\/div><figure class=\"wp-block-media-text__media\" style=\"background-image:url(https:\/\/mas-llinas.com\/wp-content\/uploads\/2023\/12\/lac-saint-jean-pla-de-corts.jpg);background-position:50% 50%\"><img loading=\"lazy\" decoding=\"async\" width=\"850\" height=\"567\" src=\"https:\/\/mas-llinas.com\/wp-content\/uploads\/2023\/12\/lac-saint-jean-pla-de-corts.jpg\" alt=\"\" class=\"wp-image-41912 size-full\" srcset=\"https:\/\/mas-llinas.com\/wp-content\/uploads\/2023\/12\/lac-saint-jean-pla-de-corts.jpg 850w, https:\/\/mas-llinas.com\/wp-content\/uploads\/2023\/12\/lac-saint-jean-pla-de-corts-300x200.jpg 300w, https:\/\/mas-llinas.com\/wp-content\/uploads\/2023\/12\/lac-saint-jean-pla-de-corts-768x512.jpg 768w\" sizes=\"auto, (max-width: 850px) 100vw, 850px\" \/><\/figure><\/div>\n\t\t\t<div id=\"sevgallery-103597081\" class=\"sev-diaporama sev-diaporama-portfolio\">\n\t\t\t<div class=\"row\">\n\n\t\t\t\n\t\t\t\t\n\t\t\t\t<div class=\"sev-diaporama-portfolio-item col-12 col-sm  col-shrink\">\n\t\t\t\t\t<a href=\"https:\/\/mas-llinas.com\/wp-content\/uploads\/2023\/12\/e-1.jpg\" data-lightbox=\"sevgallery-103597081\" style=\"background-image: url(https:\/\/mas-llinas.com\/wp-content\/uploads\/2023\/12\/e-1.jpg)\">\n\t\t\t\t\t\t<img decoding=\"async\" src=\"https:\/\/mas-llinas.com\/wp-content\/uploads\/2023\/12\/e-1.jpg\" alt=\"lac de Saint Jean proche camping\" loading=\"lazy\">\n\t\t\t\t\t<\/a>\n\t\t\t\t<\/div>\n\n\t\t\t\t\n\t\t\t\t\n\t\t\t\t\t\t\t\t\t\t\t\t\t\t\t\n\t\t\t\t\n\t\t\t\t<div class=\"sev-diaporama-portfolio-item col-12 col-sm  col-shrink\">\n\t\t\t\t\t<a href=\"https:\/\/mas-llinas.com\/wp-content\/uploads\/2023\/12\/r-1.jpg\" data-lightbox=\"sevgallery-103597081\" style=\"background-image: url(https:\/\/mas-llinas.com\/wp-content\/uploads\/2023\/12\/r-1.jpg)\">\n\t\t\t\t\t\t<img decoding=\"async\" src=\"https:\/\/mas-llinas.com\/wp-content\/uploads\/2023\/12\/r-1.jpg\" alt=\"lac de Saint Jean proche camping\" loading=\"lazy\">\n\t\t\t\t\t<\/a>\n\t\t\t\t<\/div>\n\n\t\t\t\t\t\t\t\t\t<div class=\"w-100 d-lg-none\"><\/div>\n\t\t\t\t\t\t\t\t\t\n\t\t\t\t\n\t\t\t\t\t\t\t\t\t\t\t\t\t\t\t\n\t\t\t\t\n\t\t\t\t<div class=\"sev-diaporama-portfolio-item col-12 col-sm  col-shrink\">\n\t\t\t\t\t<a href=\"https:\/\/mas-llinas.com\/wp-content\/uploads\/2023\/12\/y.jpg\" data-lightbox=\"sevgallery-103597081\" style=\"background-image: url(https:\/\/mas-llinas.com\/wp-content\/uploads\/2023\/12\/y.jpg)\">\n\t\t\t\t\t\t<img decoding=\"async\" src=\"https:\/\/mas-llinas.com\/wp-content\/uploads\/2023\/12\/y.jpg\" alt=\"lac de Saint Jean proche camping\" loading=\"lazy\">\n\t\t\t\t\t<\/a>\n\t\t\t\t<\/div>\n\n\t\t\t\t\n\t\t\t\t\t\t\t\t\t<div class=\"w-100 d-none d-lg-block\"><\/div>\n\t\t\t\t\t\t\t\t\t\n\t\t\t\t\t\t\t\t\t\t\t\t\t\t\t\n\t\t\t\t\n\t\t\t\t<div class=\"sev-diaporama-portfolio-item col-12 col-sm  col-shrink\">\n\t\t\t\t\t<a href=\"https:\/\/mas-llinas.com\/wp-content\/uploads\/2023\/12\/t.jpg\" data-lightbox=\"sevgallery-103597081\" style=\"background-image: url(https:\/\/mas-llinas.com\/wp-content\/uploads\/2023\/12\/t.jpg)\">\n\t\t\t\t\t\t<img decoding=\"async\" src=\"https:\/\/mas-llinas.com\/wp-content\/uploads\/2023\/12\/t.jpg\" alt=\"lac de Saint Jean proche camping\" loading=\"lazy\">\n\t\t\t\t\t<\/a>\n\t\t\t\t<\/div>\n\n\t\t\t\t\t\t\t\t\t<div class=\"w-100 d-lg-none\"><\/div>\n\t\t\t\t\t\t\t\t\t\n\t\t\t\t\n\t\t\t\t\t\t\t\t\t\t\t\t\t\t\t\n\t\t\t\t\n\t\t\t\t<div class=\"sev-diaporama-portfolio-item col-12 col-sm  col-grow\">\n\t\t\t\t\t<a href=\"https:\/\/mas-llinas.com\/wp-content\/uploads\/2023\/12\/z-1.jpg\" data-lightbox=\"sevgallery-103597081\" style=\"background-image: url(https:\/\/mas-llinas.com\/wp-content\/uploads\/2023\/12\/z-1.jpg)\">\n\t\t\t\t\t\t<img decoding=\"async\" src=\"https:\/\/mas-llinas.com\/wp-content\/uploads\/2023\/12\/z-1.jpg\" alt=\"lac de Saint Jean proche camping\" loading=\"lazy\">\n\t\t\t\t\t<\/a>\n\t\t\t\t<\/div>\n\n\t\t\t\t\n\t\t\t\t\n\t\t\t\t\t\t\t\t\t\t\t\t\t\t\t\t\t\t<\/div>\n\t\t\t<\/div>\n\n\t\t\t<script>\n\t\t\tjQuery(function($) {\n\n\t\t\t\tvar marginPortfolio = function() {\n\n\t\t\t\t\tvar $diapo          = $('#sevgallery-103597081');\n\t\t\t\t\tvar container_width = $diapo.parent().outerWidth();\n\t\t\t\t\tvar side            = ( $(window).innerWidth() - container_width ) \/ 2;\n\n\t\t\t\t\t$diapo.css( {\n\t\t\t\t\t\t'margin-left': '-' + side + 'px',\n\t\t\t\t\t\t'margin-right': '-' + side + 'px',\n\t\t\t\t\t} );\n\t\t\t\t};\n\n\t\t\t\t$( window ).resize( function() {\n\t\t\t\t\tmarginPortfolio();\n\t\t\t\t} );\n\t\t\t\tmarginPortfolio();\n\t\t\t});\n\t\t\t<\/script>\n\t\t\t\n","protected":false},"excerpt":{"rendered":"<p>D\u00eda 2: Una jornada en el lago de Saint-Jean-Pla-de-Corts En un entorno buc\u00f3lico con el Canig\u00f3, la monta\u00f1a sagrada de los catalanes, como tel\u00f3n de fondo, se ofrecen numerosas actividades para grandes y peque\u00f1os. Descubra un inmenso parque infantil donde desahogarse, correr, pasear, pescar, etc. Tasa Aquajump : Tasa de esqu\u00ed acu\u00e1tico : Tasa de [&hellip;]<\/p>\n","protected":false},"author":3,"featured_media":0,"parent":42628,"menu_order":0,"comment_status":"closed","ping_status":"closed","template":"","meta":{"_seopress_robots_primary_cat":"","_seopress_titles_title":"Descubrir Saint Jean Pla de Corts","_seopress_titles_desc":"Dir\u00edjase a Saint Jean Pla de Corts durante su estancia en Mas Llinas","_seopress_robots_index":"","footnotes":""},"class_list":["post-42654","page","type-page","status-publish","hentry"],"_links":{"self":[{"href":"https:\/\/mas-llinas.com\/es\/wp-json\/wp\/v2\/pages\/42654","targetHints":{"allow":["GET"]}}],"collection":[{"href":"https:\/\/mas-llinas.com\/es\/wp-json\/wp\/v2\/pages"}],"about":[{"href":"https:\/\/mas-llinas.com\/es\/wp-json\/wp\/v2\/types\/page"}],"author":[{"embeddable":true,"href":"https:\/\/mas-llinas.com\/es\/wp-json\/wp\/v2\/users\/3"}],"replies":[{"embeddable":true,"href":"https:\/\/mas-llinas.com\/es\/wp-json\/wp\/v2\/comments?post=42654"}],"version-history":[{"count":1,"href":"https:\/\/mas-llinas.com\/es\/wp-json\/wp\/v2\/pages\/42654\/revisions"}],"predecessor-version":[{"id":42655,"href":"https:\/\/mas-llinas.com\/es\/wp-json\/wp\/v2\/pages\/42654\/revisions\/42655"}],"up":[{"embeddable":true,"href":"https:\/\/mas-llinas.com\/es\/wp-json\/wp\/v2\/pages\/42628"}],"wp:attachment":[{"href":"https:\/\/mas-llinas.com\/es\/wp-json\/wp\/v2\/media?parent=42654"}],"curies":[{"name":"wp","href":"https:\/\/api.w.org\/{rel}","templated":true}]}}